{"id":2947,"date":"2023-11-06T17:35:29","date_gmt":"2023-11-06T17:35:29","guid":{"rendered":"https:\/\/vsg-resort.com\/apartments\/"},"modified":"2025-10-19T08:06:29","modified_gmt":"2025-10-19T08:06:29","slug":"apartments","status":"publish","type":"page","link":"https:\/\/vsg-resort.com\/de\/apartments\/","title":{"rendered":"Apartments"},"content":{"rendered":"<p>[et_pb_section fb_built=&#8221;1&#8243; admin_label=&#8221;Header&#8221; _builder_version=&#8221;4.23&#8243; _module_preset=&#8221;fbafb657-7e89-4a5f-a215-c1002b08098f&#8221; background_image=&#8221;https:\/\/vsg-resort.com\/wp-content\/uploads\/2023\/10\/DSC04252_reduce.jpg&#8221; custom_margin=&#8221;0px||0px||true|false&#8221; custom_padding=&#8221;25px||80px||false|false&#8221; locked=&#8221;off&#8221; collapsed=&#8221;on&#8221; global_colors_info=&#8221;{}&#8221; da_is_popup=&#8221;off&#8221; da_exit_intent=&#8221;off&#8221; da_has_close=&#8221;on&#8221; da_alt_close=&#8221;off&#8221; da_dark_close=&#8221;off&#8221; da_not_modal=&#8221;on&#8221; da_is_singular=&#8221;off&#8221; da_with_loader=&#8221;off&#8221; da_has_shadow=&#8221;on&#8221; da_disable_devices=&#8221;off|off|off&#8221;][et_pb_row _builder_version=&#8221;4.23&#8243; _module_preset=&#8221;default&#8221; custom_margin=&#8221;0px||0px||true|false&#8221; custom_padding=&#8221;0px||0px||true|false&#8221; global_colors_info=&#8221;{}&#8221;][et_pb_column type=&#8221;4_4&#8243; _builder_version=&#8221;4.22.0&#8243; _module_preset=&#8221;default&#8221; custom_padding=&#8221;60px||60px||true|false&#8221; custom_padding_tablet=&#8221;0px||0px||true|false&#8221; custom_padding_phone=&#8221;0px||0px||true|false&#8221; custom_padding_last_edited=&#8221;on|desktop&#8221; global_colors_info=&#8221;{}&#8221;][et_pb_text _builder_version=&#8221;4.24.2&#8243; _module_preset=&#8221;4b7e4325-18df-4fb4-b825-9bdbf7f3cb73&#8243; header_text_align=&#8221;center&#8221; header_text_color=&#8221;#FFFFFF&#8221; global_colors_info=&#8221;{}&#8221;]<\/p>\n<h1 style=\"text-align: center;\"><span>\u2605\u2605\u2605\u2605\u2605<\/span><\/h1>\n<h1 style=\"text-align: center;\"><b>Komfortable Apartments auf der Insel Krk f\u00fcr einen erholsamen Aufenthalt<\/b><\/h1>\n<p>[\/et_pb_text][\/et_pb_column][\/et_pb_row][\/et_pb_section][et_pb_section fb_built=&#8221;1&#8243; custom_padding_last_edited=&#8221;on|tablet&#8221; admin_label=&#8221;About&#8221; _builder_version=&#8221;4.24.2&#8243; _module_preset=&#8221;default&#8221; background_color=&#8221;#EDE7DC&#8221; background_enable_image=&#8221;off&#8221; parallax=&#8221;on&#8221; custom_padding=&#8221;80px||80px||true|false&#8221; custom_padding_tablet=&#8221;40px||40px||true|false&#8221; custom_padding_phone=&#8221;40px||40px||true|false&#8221; locked=&#8221;off&#8221; collapsed=&#8221;off&#8221; global_colors_info=&#8221;{}&#8221; da_is_popup=&#8221;off&#8221; da_exit_intent=&#8221;off&#8221; da_has_close=&#8221;on&#8221; da_alt_close=&#8221;off&#8221; da_dark_close=&#8221;off&#8221; da_not_modal=&#8221;on&#8221; da_is_singular=&#8221;off&#8221; da_with_loader=&#8221;off&#8221; da_has_shadow=&#8221;on&#8221; da_disable_devices=&#8221;off|off|off&#8221;][et_pb_row column_structure=&#8221;2_5,3_5&#8243; make_equal=&#8221;on&#8221; _builder_version=&#8221;4.23&#8243; _module_preset=&#8221;default&#8221; custom_css_main_element=&#8221;align-items: center;&#8221; global_colors_info=&#8221;{}&#8221;][et_pb_column type=&#8221;2_5&#8243; _builder_version=&#8221;4.23&#8243; _module_preset=&#8221;default&#8221; global_colors_info=&#8221;{}&#8221;][et_pb_text _builder_version=&#8221;4.23&#8243; _module_preset=&#8221;default&#8221; custom_padding=&#8221;|30px|||false|false&#8221; animation_style=&#8221;slide&#8221; animation_direction=&#8221;left&#8221; global_colors_info=&#8221;{}&#8221;]<\/p>\n<h1 style=\"text-align: left;\">Beschreibung<\/h1>\n<p>[\/et_pb_text][et_pb_text _builder_version=&#8221;4.24.2&#8243; _module_preset=&#8221;default&#8221; text_text_color=&#8221;#FFFFFF&#8221; background_color=&#8221;#76765B&#8221; custom_padding=&#8221;20px|20px|20px|20px|true|true&#8221; animation_style=&#8221;slide&#8221; box_shadow_style=&#8221;preset3&#8243; global_colors_info=&#8221;{}&#8221;]<\/p>\n<p style=\"text-align: left;\">Haustierfreundlich \u2022 Kostenlose Parkpl\u00e4tze &amp; WLAN \u2022 Terrasse &amp; Balkon \u2022 Klimaanlage &amp; Heizung \u2022 Privater Eingang<\/p>\n<p>[\/et_pb_text][et_pb_text _builder_version=&#8221;4.24.2&#8243; _module_preset=&#8221;default&#8221; custom_padding=&#8221;|30px|||false|false&#8221; global_colors_info=&#8221;{}&#8221;]VSG Resort bietet insgesamt <b>16 durchdacht gestaltete Apartments auf der Insel Krk<\/b>, verteilt auf mehrere Geb\u00e4ude \u2013 ideal f\u00fcr Paare, Familien, Gruppen und Retreat-G\u00e4ste, die Ruhe und Komfort in der N\u00e4he der Natur suchen.<\/p>\n<p>[\/et_pb_text][\/et_pb_column][et_pb_column type=&#8221;3_5&#8243; _builder_version=&#8221;4.23&#8243; _module_preset=&#8221;default&#8221; global_colors_info=&#8221;{}&#8221;][et_pb_gallery gallery_ids=&#8221;4868,780,4683,790,4823,4618,4563,771,4753,756,758,760,785,761,764,4698,750,765,768,772,773,775,776,779,782,783,784,786,787&#8243; fullwidth=&#8221;on&#8221; module_class=&#8221;lwp-arrow-color&#8221; _builder_version=&#8221;4.24.2&#8243; _module_preset=&#8221;default&#8221; auto=&#8221;on&#8221; auto_speed=&#8221;5000&#8243; box_shadow_style=&#8221;preset1&#8243; global_colors_info=&#8221;{}&#8221;][\/et_pb_gallery][\/et_pb_column][\/et_pb_row][et_pb_row column_structure=&#8221;1_3,1_3,1_3&#8243; make_equal=&#8221;on&#8221; _builder_version=&#8221;4.24.2&#8243; _module_preset=&#8221;default&#8221; global_colors_info=&#8221;{}&#8221;][et_pb_column type=&#8221;1_3&#8243; _builder_version=&#8221;4.24.2&#8243; _module_preset=&#8221;default&#8221; global_colors_info=&#8221;{}&#8221;][et_pb_text _builder_version=&#8221;4.24.2&#8243; _module_preset=&#8221;default&#8221; text_text_color=&#8221;#FFFFFF&#8221; background_color=&#8221;#AA9380&#8243; custom_padding=&#8221;20px|20px|20px|20px|true|true&#8221; animation_style=&#8221;slide&#8221; box_shadow_style=&#8221;preset3&#8243; global_colors_info=&#8221;{}&#8221;]<\/p>\n<div class=\"page\" title=\"Seite 1\">\n<div class=\"layoutArea\">\n<div class=\"column\">\n<p style=\"text-align: left;\"><strong>Ein-Schlafzimmer-Apartments mit Terrasse <span>\u2605\u2605\u2605\u2605\u2605<\/span><\/strong><br \/>Perfekt f\u00fcr bis zu 4 Personen<br \/>Gr\u00f6\u00dfe: 45 m\u00b2 + 17 m\u00b2 Terrasse<br \/>Jede Einheit hat einen separaten Eingang, eine private Terrasse und einen eigenen Parkplatz<br \/>Nur zwei Apartments pro Haus \u2013 f\u00fcr Ruhe und Privatsph\u00e4re<br \/>Mit 1,5 Badezimmern ausgestattet<br \/><strong>(12 Einheiten)<\/strong><\/p>\n<\/div>\n<\/div>\n<\/div>\n<p>[\/et_pb_text][\/et_pb_column][et_pb_column type=&#8221;1_3&#8243; _builder_version=&#8221;4.24.2&#8243; _module_preset=&#8221;default&#8221; global_colors_info=&#8221;{}&#8221;][et_pb_text _builder_version=&#8221;4.24.2&#8243; _module_preset=&#8221;default&#8221; text_text_color=&#8221;#FFFFFF&#8221; background_color=&#8221;#76765B&#8221; custom_padding=&#8221;20px|20px|20px|20px|true|true&#8221; animation_style=&#8221;slide&#8221; box_shadow_style=&#8221;preset3&#8243; global_colors_info=&#8221;{}&#8221;]<\/p>\n<div class=\"page\" title=\"Seite 1\">\n<div class=\"layoutArea\">\n<div class=\"column\">\n<p style=\"text-align: left;\"><strong>Zwei-Schlafzimmer-Apartments mit Garten <span>\u2605\u2605\u2605\u2605\u2605<\/span><\/strong><br \/>Geeignet f\u00fcr bis zu 6 Personen<br \/>Gr\u00f6\u00dfe: 150 m\u00b2 + Terrasse und privater Garten<br \/>Gelegen im Wellness-Geb\u00e4ude, jeweils mit eigenem Eingang, Garten und Parkplatz<br \/>Mit 2 voll ausgestatteten Badezimmern<br \/><strong>(3 Einheiten)<\/strong><\/p>\n<\/div>\n<\/div>\n<\/div>\n<p>[\/et_pb_text][\/et_pb_column][et_pb_column type=&#8221;1_3&#8243; _builder_version=&#8221;4.24.2&#8243; _module_preset=&#8221;default&#8221; global_colors_info=&#8221;{}&#8221;][et_pb_text _builder_version=&#8221;4.24.2&#8243; _module_preset=&#8221;default&#8221; text_text_color=&#8221;#FFFFFF&#8221; background_color=&#8221;#9EBBC8&#8243; custom_padding=&#8221;20px|20px|20px|20px|true|true&#8221; animation_style=&#8221;slide&#8221; box_shadow_style=&#8221;preset3&#8243; global_colors_info=&#8221;{}&#8221;]<\/p>\n<div class=\"page\" title=\"Seite 1\">\n<div class=\"layoutArea\">\n<div class=\"column\">\n<p style=\"text-align: left;\"><strong>Studio-Apartment mit Balkon <span>\u2605\u2605\u2605\u2605\u2605<\/span><\/strong><br \/>Ideal f\u00fcr bis zu 2 Personen<br \/>Gr\u00f6\u00dfe: 48 m\u00b2<br \/>Gelegen im ersten Stock des Wellness-Geb\u00e4udes<br \/>Mit 1,5 Badezimmern ausgestattet<br \/><strong>(1 Einheit)<\/strong><\/p>\n<\/div>\n<\/div>\n<\/div>\n<p>[\/et_pb_text][\/et_pb_column][\/et_pb_row][et_pb_row column_structure=&#8221;2_5,3_5&#8243; make_equal=&#8221;on&#8221; _builder_version=&#8221;4.24.2&#8243; _module_preset=&#8221;default&#8221; global_colors_info=&#8221;{}&#8221;][et_pb_column type=&#8221;2_5&#8243; _builder_version=&#8221;4.24.2&#8243; _module_preset=&#8221;default&#8221; global_colors_info=&#8221;{}&#8221;][et_pb_text _builder_version=&#8221;4.24.2&#8243; _module_preset=&#8221;default&#8221; background_enable_color=&#8221;off&#8221; custom_padding=&#8221;20px|20px|20px|20px|true|true&#8221; animation_style=&#8221;slide&#8221; global_colors_info=&#8221;{}&#8221;]<\/p>\n<h1><strong>Apartment-Ausstattung:<\/strong><\/h1>\n<p><strong>Entfernung zum Meer<\/strong>: 200 Meter<br \/><strong>Entfernung zum Zentrum von Klimno<\/strong>: 750 Meter<br \/><strong>Wanderwege in der N\u00e4he<\/strong>: 100 Meter<br \/>Kostenlose Parkpl\u00e4tze &amp; WLAN<br \/>Klimaanlage &amp; Heizung<br \/>Private Eing\u00e4nge<br \/>Haustierfreundlich und wanderfreundlich<\/p>\n<p><strong><span style=\"text-decoration: underline;\">In Ihrem Aufenthalt inbegriffen:<\/span><\/strong><br \/>Nutzung des gemeinschaftlichen Au\u00dfenpools, der Sauna und des Whirlpools<br \/>Zugang zum Grillbereich f\u00fcr gemeinsames Essen und geselliges Beisammensein im Freien<\/p>\n<p><span style=\"text-decoration: underline;\"><strong>Veranstaltungsraum verf\u00fcgbar<\/strong><\/span><br \/>Wir bieten auch einen 75 m\u00b2 gro\u00dfen Veranstaltungsraum zur Miete an \u2013 ideal f\u00fcr Yoga-Retreats, Workshops und kleine Gruppenveranstaltungen.<\/p>\n<p>[\/et_pb_text][\/et_pb_column][et_pb_column type=&#8221;3_5&#8243; _builder_version=&#8221;4.24.2&#8243; _module_preset=&#8221;default&#8221; global_colors_info=&#8221;{}&#8221;][et_pb_image src=&#8221;https:\/\/vsg-resort.com\/wp-content\/uploads\/2025\/04\/Map_VSG-Resort-EN-scaled.png&#8221; title_text=&#8221;Map_VSG Resort-EN&#8221; show_in_lightbox=&#8221;on&#8221; _builder_version=&#8221;4.24.2&#8243; _module_preset=&#8221;default&#8221; global_colors_info=&#8221;{}&#8221;][\/et_pb_image][\/et_pb_column][\/et_pb_row][\/et_pb_section][et_pb_section fb_built=&#8221;1&#8243; custom_padding_last_edited=&#8221;on|tablet&#8221; prev_background_color=&#8221;#EDE7DC&#8221; next_background_color=&#8221;#EDE7DC&#8221; _builder_version=&#8221;4.24.2&#8243; _module_preset=&#8221;default&#8221; background_image=&#8221;https:\/\/vsg-resort.com\/wp-content\/uploads\/2023\/10\/DSC04306_reduce-1.jpg&#8221; parallax=&#8221;on&#8221; custom_padding=&#8221;150px||150px||true|false&#8221; custom_padding_tablet=&#8221;100px||100px||true|false&#8221; custom_padding_phone=&#8221;80px||80px||true|false&#8221; top_divider_style=&#8221;wave2&#8243; top_divider_height=&#8221;50px&#8221; top_divider_height_tablet=&#8221;50px&#8221; top_divider_height_phone=&#8221;25px&#8221; top_divider_height_last_edited=&#8221;on|desktop&#8221; bottom_divider_style=&#8221;wave2&#8243; bottom_divider_height=&#8221;50px&#8221; bottom_divider_height_tablet=&#8221;50px&#8221; bottom_divider_height_phone=&#8221;25px&#8221; bottom_divider_height_last_edited=&#8221;on|phone&#8221; locked=&#8221;off&#8221; global_colors_info=&#8221;{}&#8221; da_is_popup=&#8221;off&#8221; da_exit_intent=&#8221;off&#8221; da_has_close=&#8221;on&#8221; da_alt_close=&#8221;off&#8221; da_dark_close=&#8221;off&#8221; da_not_modal=&#8221;on&#8221; da_is_singular=&#8221;off&#8221; da_with_loader=&#8221;off&#8221; da_has_shadow=&#8221;on&#8221; da_disable_devices=&#8221;off|off|off&#8221;][et_pb_row column_structure=&#8221;1_3,1_3,1_3&#8243; use_custom_gutter=&#8221;on&#8221; gutter_width=&#8221;1&#8243; _builder_version=&#8221;4.23&#8243; _module_preset=&#8221;default&#8221; background_color=&#8221;#AA9380&#8243; module_alignment=&#8221;right&#8221; custom_margin=&#8221;||||true|true&#8221; custom_padding=&#8221;50px|50px|50px|50px|true|true&#8221; animation_style=&#8221;slide&#8221; animation_direction=&#8221;right&#8221; global_colors_info=&#8221;{}&#8221;][et_pb_column type=&#8221;1_3&#8243; _builder_version=&#8221;4.16&#8243; _module_preset=&#8221;default&#8221; global_colors_info=&#8221;{}&#8221;][et_pb_text _builder_version=&#8221;4.23&#8243; _module_preset=&#8221;default&#8221; header_text_color=&#8221;#FFFFFF&#8221; custom_padding=&#8221;|10%|||false|false&#8221; global_colors_info=&#8221;{}&#8221;]<\/p>\n<h1>Ausstattung<\/h1>\n<p>[\/et_pb_text][et_pb_text _builder_version=&#8221;4.24.2&#8243; _module_preset=&#8221;default&#8221; text_text_color=&#8221;#FFFFFF&#8221; custom_padding=&#8221;|5%|||false|false&#8221; global_colors_info=&#8221;{}&#8221;]<\/p>\n<div class=\"column mcb-column mcb-item-438hlzzqo one-second tablet-one-second mobile-one column_column\">\n<div class=\"mcb-column-inner mcb-column-inner-438hlzzqo mcb-item-column-inner\">\n<div class=\"column_attr mfn-inline-editor clearfix\">\n<div class=\"column mcb-column mcb-item-pjtmmhtor one-second tablet-one-second mobile-one column_column\">\n<div class=\"mcb-column-inner mcb-column-inner-pjtmmhtor mcb-item-column-inner\">\n<div class=\"column_attr mfn-inline-editor clearfix\">\n<ul class=\"amenities\">\n<li>Kostenloses WLAN<\/li>\n<li>Klimaanlage &amp; Heizung<\/li>\n<li>Flachbildfernseher + Satellitenkan\u00e4le<\/li>\n<li>Doppelbett und Schlafsofa oder Schlafsessel<\/li>\n<li>Kleiderschrank in jedem Zimmer<\/li>\n<li>Safe<\/li>\n<\/ul>\n<\/div>\n<\/div>\n<\/div>\n<\/div>\n<\/div>\n<\/div>\n<p>[\/et_pb_text][\/et_pb_column][et_pb_column type=&#8221;1_3&#8243; _builder_version=&#8221;4.16&#8243; _module_preset=&#8221;default&#8221; global_colors_info=&#8221;{}&#8221;][et_pb_text _builder_version=&#8221;4.23&#8243; _module_preset=&#8221;default&#8221; header_text_color=&#8221;#FFFFFF&#8221; custom_padding=&#8221;|10%|||false|false&#8221; global_colors_info=&#8221;{}&#8221;][\/et_pb_text][et_pb_text _builder_version=&#8221;4.23&#8243; _module_preset=&#8221;default&#8221; text_text_color=&#8221;#FFFFFF&#8221; custom_padding=&#8221;|5%|||false|false&#8221; global_colors_info=&#8221;{}&#8221;]<\/p>\n<div class=\"column mcb-column mcb-item-438hlzzqo one-second tablet-one-second mobile-one column_column\">\n<div class=\"mcb-column-inner mcb-column-inner-438hlzzqo mcb-item-column-inner\">\n<div class=\"column_attr mfn-inline-editor clearfix\">\n<div class=\"column mcb-column mcb-item-pjtmmhtor one-second tablet-one-second mobile-one column_column\">\n<div class=\"mcb-column-inner mcb-column-inner-pjtmmhtor mcb-item-column-inner\">\n<div class=\"column_attr mfn-inline-editor clearfix\">\n<ul class=\"amenities\">\n<li>Voll ausgestattete K\u00fcche: K\u00fchlschrank, Geschirrsp\u00fcler, Wasserkocher, Mikrowelle, K\u00fcchenutensilien<\/li>\n<li>Badezimmer: Dusche, Haartrockner, Toilette 2x, kostenlose Toilettenartikel und Toilettenpapier<\/li>\n<li>Waschmaschine und W\u00e4schetrockner<\/li>\n<li>B\u00fcgeleisen und B\u00fcgelbrett<\/li>\n<\/ul>\n<\/div>\n<\/div>\n<\/div>\n<\/div>\n<\/div>\n<\/div>\n<p>[\/et_pb_text][\/et_pb_column][et_pb_column type=&#8221;1_3&#8243; _builder_version=&#8221;4.16&#8243; _module_preset=&#8221;default&#8221; global_colors_info=&#8221;{}&#8221;][et_pb_text _builder_version=&#8221;4.23&#8243; _module_preset=&#8221;default&#8221; header_text_color=&#8221;#FFFFFF&#8221; custom_padding=&#8221;|10%|||false|false&#8221; global_colors_info=&#8221;{}&#8221;][\/et_pb_text][et_pb_text _builder_version=&#8221;4.23&#8243; _module_preset=&#8221;default&#8221; text_text_color=&#8221;#FFFFFF&#8221; custom_padding=&#8221;|5%|||false|false&#8221; global_colors_info=&#8221;{}&#8221;]<\/p>\n<div class=\"column mcb-column mcb-item-438hlzzqo one-second tablet-one-second mobile-one column_column\">\n<div class=\"mcb-column-inner mcb-column-inner-438hlzzqo mcb-item-column-inner\">\n<div class=\"column_attr mfn-inline-editor clearfix\">\n<div class=\"column mcb-column mcb-item-pjtmmhtor one-second tablet-one-second mobile-one column_column\">\n<div class=\"mcb-column-inner mcb-column-inner-pjtmmhtor mcb-item-column-inner\">\n<div class=\"column_attr mfn-inline-editor clearfix\">\n<ul class=\"amenities\">\n<li>Handt\u00fccher und Bettw\u00e4sche<\/li>\n<li>Privater Parkplatz<\/li>\n<li>Ein Babybett ist auf Anfrage kostenlos erh\u00e4ltlich<\/li>\n<li>Rauchen verboten<\/li>\n<\/ul>\n<\/div>\n<\/div>\n<\/div>\n<\/div>\n<\/div>\n<\/div>\n<p>[\/et_pb_text][\/et_pb_column][\/et_pb_row][\/et_pb_section][et_pb_section fb_built=&#8221;1&#8243; custom_padding_last_edited=&#8221;on|tablet&#8221; background_color_1=&#8221;RGBA(0,0,0,0)&#8221; padding_top_bottom_link_2=&#8221;false&#8221; padding_left_right_link_2=&#8221;false&#8221; admin_label=&#8221;Feature&#8221; _builder_version=&#8221;4.23&#8243; _module_preset=&#8221;default&#8221; background_color=&#8221;#EDE7DC&#8221; background_enable_image=&#8221;off&#8221; parallax=&#8221;on&#8221; overflow-x=&#8221;hidden&#8221; overflow-y=&#8221;hidden&#8221; custom_padding=&#8221;80px||80px||true|false&#8221; custom_padding_tablet=&#8221;40px||40px||true|false&#8221; custom_padding_phone=&#8221;40px||40px||true|false&#8221; collapsed=&#8221;off&#8221; global_colors_info=&#8221;{}&#8221; da_is_popup=&#8221;off&#8221; da_exit_intent=&#8221;off&#8221; da_has_close=&#8221;on&#8221; da_alt_close=&#8221;off&#8221; da_dark_close=&#8221;off&#8221; da_not_modal=&#8221;on&#8221; da_is_singular=&#8221;off&#8221; da_with_loader=&#8221;off&#8221; da_has_shadow=&#8221;on&#8221; da_disable_devices=&#8221;off|off|off&#8221;][et_pb_row use_custom_gutter=&#8221;on&#8221; make_equal=&#8221;on&#8221; _builder_version=&#8221;4.23&#8243; _module_preset=&#8221;default&#8221; custom_css_main_element=&#8221;align-items: center;&#8221; global_colors_info=&#8221;{}&#8221;][et_pb_column type=&#8221;4_4&#8243; _builder_version=&#8221;4.22.0&#8243; _module_preset=&#8221;default&#8221; global_colors_info=&#8221;{}&#8221;][et_pb_text _builder_version=&#8221;4.24.2&#8243; _module_preset=&#8221;default&#8221; custom_padding=&#8221;|30px|||false|false&#8221; animation_style=&#8221;slide&#8221; global_colors_info=&#8221;{}&#8221;]<\/p>\n<h1 style=\"text-align: center;\">\u00dcbernachten Sie in unseren 5-Sterne-Apartments<\/h1>\n<h1 style=\"text-align: center;\">W\u00e4hlen Sie zwischen 3 einzigartigen Unterkunftstypen im VSG Resort:<\/h1>\n<p>[\/et_pb_text][\/et_pb_column][\/et_pb_row][et_pb_row column_structure=&#8221;1_2,1_2&#8243; use_custom_gutter=&#8221;on&#8221; make_equal=&#8221;on&#8221; _builder_version=&#8221;4.23&#8243; _module_preset=&#8221;default&#8221; module_alignment=&#8221;center&#8221; custom_padding=&#8221;0px||25px||false|false&#8221; locked=&#8221;off&#8221; global_colors_info=&#8221;{}&#8221;][et_pb_column type=&#8221;1_2&#8243; _builder_version=&#8221;4.23&#8243; _module_preset=&#8221;default&#8221; background_color=&#8221;#AA9380&#8243; custom_padding=&#8221;20px|20px|30px|20px|false|true&#8221; animation_style=&#8221;fade&#8221; box_shadow_style=&#8221;preset3&#8243; box_shadow_blur=&#8221;10px&#8221; global_colors_info=&#8221;{}&#8221;][et_pb_text _builder_version=&#8221;4.23&#8243; _module_preset=&#8221;default&#8221; text_text_color=&#8221;#FFFFFF&#8221; header_text_color=&#8221;#FFFFFF&#8221; header_2_text_color=&#8221;#FFFFFF&#8221; custom_padding=&#8221;20px||20px||true|false&#8221; global_colors_info=&#8221;{}&#8221;]<\/p>\n<h2 style=\"text-align: center;\">SCHLAFSOFA<\/h2>\n<p style=\"text-align: center;\">Apartment mit einem Schlafzimmer, Doppelbett und Schlafsofa im Wohnzimmer.<\/p>\n<p>[\/et_pb_text][et_pb_gallery gallery_ids=&#8221;1322,1321,1317,1318,1323,4833,4838,4843,4848,4853,4858,4863,4868&#8243; fullwidth=&#8221;on&#8221; module_class=&#8221;lwp-arrow-color&#8221; _builder_version=&#8221;4.24.2&#8243; _module_preset=&#8221;default&#8221; auto=&#8221;on&#8221; auto_speed=&#8221;5000&#8243; global_colors_info=&#8221;{}&#8221;][\/et_pb_gallery][et_pb_button button_url=&#8221;https:\/\/vsg-resort.nokumo.app\/accommodation&#8221; url_new_window=&#8221;on&#8221; button_text=&#8221;JETZT BUCHEN!&#8221; button_alignment=&#8221;center&#8221; _builder_version=&#8221;4.24.2&#8243; _module_preset=&#8221;efdb95e4-64bc-4659-8b00-b4ba51a36752&#8243; animation_style=&#8221;slide&#8221; global_colors_info=&#8221;{}&#8221;][\/et_pb_button][\/et_pb_column][et_pb_column type=&#8221;1_2&#8243; _builder_version=&#8221;4.23&#8243; _module_preset=&#8221;default&#8221; background_color=&#8221;#AA9380&#8243; custom_padding=&#8221;20px|20px|30px|20px|false|true&#8221; animation_style=&#8221;fade&#8221; box_shadow_style=&#8221;preset3&#8243; box_shadow_blur=&#8221;10px&#8221; global_colors_info=&#8221;{}&#8221;][et_pb_text _builder_version=&#8221;4.23&#8243; _module_preset=&#8221;default&#8221; text_text_color=&#8221;#FFFFFF&#8221; header_text_color=&#8221;#FFFFFF&#8221; header_2_text_color=&#8221;#FFFFFF&#8221; custom_padding=&#8221;20px||20px||true|false&#8221; locked=&#8221;off&#8221; global_colors_info=&#8221;{}&#8221;]<\/p>\n<h2 style=\"text-align: center;\">SCHLAFSESSEL<\/p>\n<\/h2>\n<p style=\"text-align: center;\">Apartment mit einem Schlafzimmer, Doppelbett und 2 Schlafsesseln im Wohnzimmer.<\/p>\n<p>[\/et_pb_text][et_pb_gallery gallery_ids=&#8221;1324,1325,1326,1327,1328,1329,4873,4878,4883,4888,4893,4898,4903&#8243; fullwidth=&#8221;on&#8221; module_class=&#8221;lwp-arrow-color&#8221; _builder_version=&#8221;4.24.2&#8243; _module_preset=&#8221;default&#8221; auto=&#8221;on&#8221; auto_speed=&#8221;5000&#8243; global_colors_info=&#8221;{}&#8221;][\/et_pb_gallery][et_pb_button button_url=&#8221;https:\/\/vsg-resort.nokumo.app\/accommodation&#8221; url_new_window=&#8221;on&#8221; button_text=&#8221;JETZT BUCHEN!&#8221; button_alignment=&#8221;center&#8221; _builder_version=&#8221;4.24.2&#8243; _module_preset=&#8221;efdb95e4-64bc-4659-8b00-b4ba51a36752&#8243; animation_style=&#8221;slide&#8221; global_colors_info=&#8221;{}&#8221;][\/et_pb_button][\/et_pb_column][\/et_pb_row][et_pb_row column_structure=&#8221;1_2,1_2&#8243; use_custom_gutter=&#8221;on&#8221; make_equal=&#8221;on&#8221; _builder_version=&#8221;4.24.2&#8243; _module_preset=&#8221;default&#8221; module_alignment=&#8221;center&#8221; custom_padding=&#8221;25px||50px||false|false&#8221; locked=&#8221;off&#8221; global_colors_info=&#8221;{}&#8221;][et_pb_column type=&#8221;1_2&#8243; _builder_version=&#8221;4.24.2&#8243; _module_preset=&#8221;default&#8221; background_color=&#8221;#76765B&#8221; custom_padding=&#8221;20px|20px|30px|20px|false|true&#8221; animation_style=&#8221;fade&#8221; box_shadow_style=&#8221;preset3&#8243; box_shadow_blur=&#8221;10px&#8221; global_colors_info=&#8221;{}&#8221;][et_pb_text _builder_version=&#8221;4.24.2&#8243; _module_preset=&#8221;default&#8221; text_text_color=&#8221;#FFFFFF&#8221; header_text_color=&#8221;#FFFFFF&#8221; header_2_text_color=&#8221;#FFFFFF&#8221; custom_padding=&#8221;20px||20px||true|false&#8221; global_colors_info=&#8221;{}&#8221;]<\/p>\n<h2 style=\"text-align: center;\">FAMILIENSUITE<\/h2>\n<p style=\"text-align: center;\">Die ger\u00e4umige Familiensuite verf\u00fcgt \u00fcber 2 Schlafzimmer, 2 Badezimmer, ein Wohnzimmer mit K\u00fcche und eine Terrasse, ideal f\u00fcr 4 oder 5 Personen.<\/p>\n<p>[\/et_pb_text][et_pb_gallery gallery_ids=&#8221;4633,4638,4643,4648,4653,4658,4663,4668,4673,4678,4683,4688,4693,4698,4703,4708,4713,4718,4723,4728,4733,4738,4743,4748,4753,4758,4763,4768,4773,4778,4783,4788,4793,4798,4803,4808,4813,4818,4823,4828&#8243; fullwidth=&#8221;on&#8221; module_class=&#8221;lwp-arrow-color&#8221; _builder_version=&#8221;4.24.2&#8243; _module_preset=&#8221;default&#8221; auto=&#8221;on&#8221; auto_speed=&#8221;5000&#8243; global_colors_info=&#8221;{}&#8221;][\/et_pb_gallery][et_pb_button button_url=&#8221;https:\/\/vsg-resort.nokumo.app\/accommodation&#8221; url_new_window=&#8221;on&#8221; button_text=&#8221;JETZT BUCHEN!&#8221; button_alignment=&#8221;center&#8221; _builder_version=&#8221;4.24.2&#8243; _module_preset=&#8221;efdb95e4-64bc-4659-8b00-b4ba51a36752&#8243; animation_style=&#8221;slide&#8221; global_colors_info=&#8221;{}&#8221;][\/et_pb_button][\/et_pb_column][et_pb_column type=&#8221;1_2&#8243; _builder_version=&#8221;4.23&#8243; _module_preset=&#8221;default&#8221; background_color=&#8221;#9EBBC8&#8243; custom_padding=&#8221;20px|20px|30px|20px|false|true&#8221; animation_style=&#8221;fade&#8221; box_shadow_style=&#8221;preset3&#8243; box_shadow_blur=&#8221;10px&#8221; global_colors_info=&#8221;{}&#8221;][et_pb_text _builder_version=&#8221;4.24.2&#8243; _module_preset=&#8221;default&#8221; text_text_color=&#8221;#FFFFFF&#8221; header_text_color=&#8221;#FFFFFF&#8221; header_2_text_color=&#8221;#FFFFFF&#8221; custom_padding=&#8221;20px||20px||true|false&#8221; global_colors_info=&#8221;{}&#8221;]<\/p>\n<h2 style=\"text-align: center;\">STUDIO-APP<\/h2>\n<p style=\"text-align: center;\">Das Studio-Apartment bietet ein Kingsize-Bett, einen Balkon und Ausblick auf das Resort, perfekt f\u00fcr Paare oder Alleinreisende.<\/p>\n<p>[\/et_pb_text][et_pb_gallery gallery_ids=&#8221;4543,4548,4553,4558,4563,4568,4573,4578,4583,4588,4593,4598,4603,4608,4613,4618,4623,4628&#8243; fullwidth=&#8221;on&#8221; module_class=&#8221;lwp-arrow-color&#8221; _builder_version=&#8221;4.24.2&#8243; _module_preset=&#8221;default&#8221; auto=&#8221;on&#8221; auto_speed=&#8221;5000&#8243; global_colors_info=&#8221;{}&#8221;][\/et_pb_gallery][et_pb_button button_url=&#8221;https:\/\/vsg-resort.nokumo.app\/accommodation&#8221; url_new_window=&#8221;on&#8221; button_text=&#8221;JETZT BUCHEN!&#8221; button_alignment=&#8221;center&#8221; _builder_version=&#8221;4.24.2&#8243; _module_preset=&#8221;efdb95e4-64bc-4659-8b00-b4ba51a36752&#8243; animation_style=&#8221;slide&#8221; global_colors_info=&#8221;{}&#8221;][\/et_pb_button][\/et_pb_column][\/et_pb_row][\/et_pb_section][et_pb_section fb_built=&#8221;1&#8243; custom_padding_last_edited=&#8221;on|tablet&#8221; prev_background_color=&#8221;#EDE7DC&#8221; admin_label=&#8221;FAQ&#8221; _builder_version=&#8221;4.23&#8243; _module_preset=&#8221;default&#8221; background_color=&#8221;#76765B&#8221; background_enable_image=&#8221;off&#8221; parallax=&#8221;on&#8221; custom_padding=&#8221;80px||80px||true|false&#8221; custom_padding_tablet=&#8221;40px||40px||true|false&#8221; custom_padding_phone=&#8221;40px||40px||true|false&#8221; top_divider_style=&#8221;wave&#8221; top_divider_height=&#8221;50px&#8221; top_divider_flip=&#8221;horizontal&#8221; top_divider_height_tablet=&#8221;50px&#8221; top_divider_height_phone=&#8221;25px&#8221; top_divider_height_last_edited=&#8221;on|phone&#8221; locked=&#8221;off&#8221; collapsed=&#8221;off&#8221; global_colors_info=&#8221;{}&#8221; da_is_popup=&#8221;off&#8221; da_exit_intent=&#8221;off&#8221; da_has_close=&#8221;on&#8221; da_alt_close=&#8221;off&#8221; da_dark_close=&#8221;off&#8221; da_not_modal=&#8221;on&#8221; da_is_singular=&#8221;off&#8221; da_with_loader=&#8221;off&#8221; da_has_shadow=&#8221;on&#8221; da_disable_devices=&#8221;off|off|off&#8221;][et_pb_row _builder_version=&#8221;4.17.6&#8243; _module_preset=&#8221;default&#8221; max_width=&#8221;890px&#8221; global_colors_info=&#8221;{}&#8221;][et_pb_column type=&#8221;4_4&#8243; _builder_version=&#8221;4.17.6&#8243; _module_preset=&#8221;default&#8221; global_colors_info=&#8221;{}&#8221;][et_pb_text _builder_version=&#8221;4.23&#8243; _module_preset=&#8221;default&#8221; header_text_color=&#8221;#FFFFFF&#8221; animation_style=&#8221;slide&#8221; global_colors_info=&#8221;{}&#8221;]<\/p>\n<h1 style=\"text-align: center;\">H\u00e4ufig gestellte Fragen<\/h1>\n<p>[\/et_pb_text][\/et_pb_column][\/et_pb_row][et_pb_row column_structure=&#8221;1_3,1_3,1_3&#8243; make_equal=&#8221;on&#8221; _builder_version=&#8221;4.23&#8243; _module_preset=&#8221;default&#8221; max_width=&#8221;2560px&#8221; global_colors_info=&#8221;{}&#8221;][et_pb_column type=&#8221;1_3&#8243; _builder_version=&#8221;4.23&#8243; _module_preset=&#8221;default&#8221; background_color=&#8221;#AA9380&#8243; custom_padding=&#8221;40px|25px|40px|25px|true|true&#8221; animation_style=&#8221;slide&#8221; animation_direction=&#8221;bottom&#8221; global_colors_info=&#8221;{}&#8221;][et_pb_text _builder_version=&#8221;4.23&#8243; _module_preset=&#8221;default&#8221; header_text_color=&#8221;#FFFFFF&#8221; global_colors_info=&#8221;{}&#8221;]<\/p>\n<h1 style=\"text-align: center;\">Buchungsinformation<\/h1>\n<p>[\/et_pb_text][et_pb_toggle title=&#8221;Wo bekomme ich den besten Preis?&#8221; open_toggle_text_color=&#8221;#AA9380&#8243; open_toggle_background_color=&#8221;#FFFFFF&#8221; closed_toggle_text_color=&#8221;#FFFFFF&#8221; closed_toggle_background_color=&#8221;RGBA(255,255,255,0)&#8221; icon_color=&#8221;#FFFFFF&#8221; open_icon_color=&#8221;#AA9380&#8243; _builder_version=&#8221;4.23&#8243; _module_preset=&#8221;default&#8221; title_text_color=&#8221;#FFFFFF&#8221; title_font=&#8221;Tenor Sans|700|||||||&#8221; title_line_height=&#8221;1.4em&#8221; custom_margin=&#8221;15px||15px||true|false&#8221; custom_padding=&#8221;10px||10px||true|false&#8221; border_width_all=&#8221;0px&#8221; border_width_bottom=&#8221;1px&#8221; global_colors_info=&#8221;{}&#8221;]<\/p>\n<p>Normalerweise sind die wettbewerbsf\u00e4higsten Tarife direkt \u00fcber unsere <a href=\"https:\/\/vsg-resort.com\/de\/\">Website<\/a> erh\u00e4ltlich. Dennoch, wenn Sie f\u00fcr zus\u00e4tzliche Rabatte \u00fcber andere Kan\u00e4le berechtigt sind (wie die Teilnahme an einem Kundenbindungsprogramm), k\u00f6nnten Sie anderswo m\u00f6glicherweise bessere Angebote finden. Bitte beachten Sie, dass wir diese Preise weder erreichen noch \u00fcbertreffen k\u00f6nnen.<\/p>\n<p>[\/et_pb_toggle][et_pb_toggle title=&#8221;Bieten Sie Fr\u00fchst\u00fcck an?&#8221; open_toggle_text_color=&#8221;#AA9380&#8243; open_toggle_background_color=&#8221;#FFFFFF&#8221; closed_toggle_text_color=&#8221;#FFFFFF&#8221; closed_toggle_background_color=&#8221;RGBA(255,255,255,0)&#8221; icon_color=&#8221;#FFFFFF&#8221; open_icon_color=&#8221;#AA9380&#8243; _builder_version=&#8221;4.23&#8243; _module_preset=&#8221;default&#8221; title_text_color=&#8221;#FFFFFF&#8221; title_font=&#8221;Tenor Sans|700|||||||&#8221; title_line_height=&#8221;1.4em&#8221; custom_margin=&#8221;15px||15px||true|false&#8221; custom_padding=&#8221;10px||10px||true|false&#8221; border_width_all=&#8221;0px&#8221; border_width_bottom=&#8221;1px&#8221; global_colors_info=&#8221;{}&#8221;]Derzeit ist in unserem Resort kein Fr\u00fchst\u00fccksservice verf\u00fcgbar. G\u00e4ste k\u00f6nnen sich jedoch an unserer Sommer-Poolbar mit einer vielf\u00e4ltigen Auswahl an Speisen und Getr\u00e4nken verw\u00f6hnen lassen. Dar\u00fcber hinaus gibt es in der Umgebung von Klimno mehrere ausgezeichnete Restaurants zu entdecken.  <\/span>[\/et_pb_toggle][et_pb_toggle title=&#8221;Kann ich mein Haustier mitbringen?&#8221; open_toggle_text_color=&#8221;#AA9380&#8243; open_toggle_background_color=&#8221;#FFFFFF&#8221; closed_toggle_text_color=&#8221;#FFFFFF&#8221; closed_toggle_background_color=&#8221;RGBA(255,255,255,0)&#8221; icon_color=&#8221;#FFFFFF&#8221; open_icon_color=&#8221;#AA9380&#8243; _builder_version=&#8221;4.23&#8243; _module_preset=&#8221;default&#8221; title_text_color=&#8221;#FFFFFF&#8221; title_font=&#8221;Tenor Sans|700|||||||&#8221; title_line_height=&#8221;1.4em&#8221; custom_margin=&#8221;15px||15px||true|false&#8221; custom_padding=&#8221;10px||10px||true|false&#8221; border_width_all=&#8221;0px&#8221; border_width_bottom=&#8221;1px&#8221; global_colors_info=&#8221;{}&#8221;]<\/p>\n<p>Ja, Haustiere sind willkommen. Die Haustiergeb\u00fchr betr\u00e4gt 15 Euro pro Haustier und pro Nacht.<\/p>\n<p>[\/et_pb_toggle][et_pb_toggle title=&#8221;Ist es m\u00f6glich, ein bestimmtes Apartment zu buchen?&#8221; open_toggle_text_color=&#8221;#AA9380&#8243; open_toggle_background_color=&#8221;#FFFFFF&#8221; closed_toggle_text_color=&#8221;#FFFFFF&#8221; closed_toggle_background_color=&#8221;RGBA(255,255,255,0)&#8221; icon_color=&#8221;#FFFFFF&#8221; open_icon_color=&#8221;#AA9380&#8243; _builder_version=&#8221;4.23&#8243; _module_preset=&#8221;default&#8221; title_text_color=&#8221;#FFFFFF&#8221; title_font=&#8221;Tenor Sans|700|||||||&#8221; title_line_height=&#8221;1.4em&#8221; custom_margin=&#8221;15px||15px||true|false&#8221; custom_padding=&#8221;10px||10px||true|false&#8221; border_width_all=&#8221;0px&#8221; border_width_bottom=&#8221;1px&#8221; global_colors_info=&#8221;{}&#8221;]Sie k\u00f6nnen nur den Apartmenttyp buchen. Sie k\u00f6nnen jedoch bei der Buchung im Notizbereich eine bestimmte Wohnung anfragen. Wir werden unser Bestes tun, um Ihrer Anfrage nachzukommen, je nach Verf\u00fcgbarkeit.[\/et_pb_toggle][et_pb_toggle title=&#8221;Gibt es Parkpl\u00e4tze in der N\u00e4he des Apartments?&#8221; open_toggle_text_color=&#8221;#AA9380&#8243; open_toggle_background_color=&#8221;#FFFFFF&#8221; closed_toggle_text_color=&#8221;#FFFFFF&#8221; closed_toggle_background_color=&#8221;RGBA(255,255,255,0)&#8221; icon_color=&#8221;#FFFFFF&#8221; open_icon_color=&#8221;#AA9380&#8243; _builder_version=&#8221;4.23&#8243; _module_preset=&#8221;default&#8221; title_text_color=&#8221;#FFFFFF&#8221; title_font=&#8221;Tenor Sans|700|||||||&#8221; title_line_height=&#8221;1.4em&#8221; custom_margin=&#8221;15px||15px||true|false&#8221; custom_padding=&#8221;10px||10px||true|false&#8221; border_width_all=&#8221;0px&#8221; border_width_bottom=&#8221;1px&#8221; global_colors_info=&#8221;{}&#8221;]Ein Parkplatz f\u00fcr ein Auto ist direkt vor dem Apartment verf\u00fcgbar.[\/et_pb_toggle][et_pb_toggle title=&#8221;Ist die Bettw\u00e4sche in den Apartments inbegriffen?&#8221; open_toggle_text_color=&#8221;#AA9380&#8243; open_toggle_background_color=&#8221;#FFFFFF&#8221; closed_toggle_text_color=&#8221;#FFFFFF&#8221; closed_toggle_background_color=&#8221;RGBA(255,255,255,0)&#8221; icon_color=&#8221;#FFFFFF&#8221; open_icon_color=&#8221;#AA9380&#8243; _builder_version=&#8221;4.23&#8243; _module_preset=&#8221;default&#8221; title_text_color=&#8221;#FFFFFF&#8221; title_font=&#8221;Tenor Sans|700|||||||&#8221; title_line_height=&#8221;1.4em&#8221; custom_margin=&#8221;15px||15px||true|false&#8221; custom_padding=&#8221;10px||10px||true|false&#8221; border_width_all=&#8221;0px&#8221; border_width_bottom=&#8221;1px&#8221; global_colors_info=&#8221;{}&#8221;]Bettw\u00e4sche ist in den Apartments inbegriffen und kann auf Anfrage gewechselt werden.[\/et_pb_toggle][et_pb_toggle title=&#8221;Sind Hotelhandt\u00fccher im Preis inbegriffen?&#8221; open_toggle_text_color=&#8221;#AA9380&#8243; open_toggle_background_color=&#8221;#FFFFFF&#8221; closed_toggle_text_color=&#8221;#FFFFFF&#8221; closed_toggle_background_color=&#8221;RGBA(255,255,255,0)&#8221; icon_color=&#8221;#FFFFFF&#8221; open_icon_color=&#8221;#AA9380&#8243; _builder_version=&#8221;4.23&#8243; _module_preset=&#8221;default&#8221; title_text_color=&#8221;#FFFFFF&#8221; title_font=&#8221;Tenor Sans|700|||||||&#8221; title_line_height=&#8221;1.4em&#8221; custom_margin=&#8221;15px||15px||true|false&#8221; custom_padding=&#8221;10px||10px||true|false&#8221; border_width_all=&#8221;0px&#8221; border_width_bottom=&#8221;1px&#8221; global_colors_info=&#8221;{}&#8221;]Handt\u00fccher in den Apartments sind im Preis inbegriffen und k\u00f6nnen auf Wunsch gewechselt werden.[\/et_pb_toggle][et_pb_toggle title=&#8221;Ist im \u00dcbernachtungspreis der Zugang zum Wellnessbereich inbegriffen?&#8221; open_toggle_text_color=&#8221;#AA9380&#8243; open_toggle_background_color=&#8221;#FFFFFF&#8221; closed_toggle_text_color=&#8221;#FFFFFF&#8221; closed_toggle_background_color=&#8221;RGBA(255,255,255,0)&#8221; icon_color=&#8221;#FFFFFF&#8221; open_icon_color=&#8221;#AA9380&#8243; _builder_version=&#8221;4.23&#8243; _module_preset=&#8221;default&#8221; title_text_color=&#8221;#FFFFFF&#8221; title_font=&#8221;Tenor Sans|700|||||||&#8221; title_line_height=&#8221;1.4em&#8221; custom_margin=&#8221;15px||15px||true|false&#8221; custom_padding=&#8221;10px||10px||true|false&#8221; border_width_all=&#8221;0px&#8221; border_width_bottom=&#8221;1px&#8221; global_colors_info=&#8221;{}&#8221;]Der Zugang zur Sauna und zum Whirlpool ist im Preis inbegriffen. Bitte \u00fcberpr\u00fcfen Sie bei Ihrer Ankunft den Zeitplan und reservieren Sie Ihr bevorzugtes Zeitfenster.[\/et_pb_toggle][et_pb_toggle title=&#8221;Ist der Wellnessbereich und Pool das ganze Jahr \u00fcber verf\u00fcgbar?&#8221; open_toggle_text_color=&#8221;#AA9380&#8243; open_toggle_background_color=&#8221;#FFFFFF&#8221; closed_toggle_text_color=&#8221;#FFFFFF&#8221; closed_toggle_background_color=&#8221;RGBA(255,255,255,0)&#8221; icon_color=&#8221;#FFFFFF&#8221; open_icon_color=&#8221;#AA9380&#8243; _builder_version=&#8221;4.23&#8243; _module_preset=&#8221;default&#8221; title_text_color=&#8221;#FFFFFF&#8221; title_font=&#8221;Tenor Sans|700|||||||&#8221; title_line_height=&#8221;1.4em&#8221; custom_margin=&#8221;15px||15px||true|false&#8221; custom_padding=&#8221;10px||10px||true|false&#8221; border_width_all=&#8221;0px&#8221; border_width_bottom=&#8221;1px&#8221; global_colors_info=&#8221;{}&#8221;]Ja, der Wellnessbereich und der Pool stehen Ihnen das ganze Jahr \u00fcber zur Verf\u00fcgung.<\/span>[\/et_pb_toggle][\/et_pb_column][et_pb_column type=&#8221;1_3&#8243; _builder_version=&#8221;4.23&#8243; _module_preset=&#8221;default&#8221; background_color=&#8221;#EDE7DC&#8221; custom_padding=&#8221;40px|25px|40px|25px|true|true&#8221; animation_style=&#8221;slide&#8221; animation_direction=&#8221;bottom&#8221; global_colors_info=&#8221;{}&#8221;][et_pb_text _builder_version=&#8221;4.23&#8243; _module_preset=&#8221;default&#8221; header_text_color=&#8221;#AA9380&#8243; global_colors_info=&#8221;{}&#8221;]<\/p>\n<h1 style=\"text-align: center;\">CHECK-IN und CHECK-OUT<\/h1>\n<p>[\/et_pb_text][et_pb_toggle title=&#8221;Ist es m\u00f6glich, das Zimmer bereits vor dem Check-in (16:00 Uhr) zu betreten?&#8221; open_toggle_text_color=&#8221;#AA9380&#8243; open_toggle_background_color=&#8221;#FFFFFF&#8221; closed_toggle_background_color=&#8221;RGBA(255,255,255,0)&#8221; icon_color=&#8221;#AA9380&#8243; open_icon_color=&#8221;#AA9380&#8243; _builder_version=&#8221;4.23&#8243; _module_preset=&#8221;default&#8221; title_text_color=&#8221;#AA9380&#8243; title_font=&#8221;Tenor Sans|700|||||||&#8221; title_line_height=&#8221;1.4em&#8221; custom_margin=&#8221;15px||15px||true|false&#8221; custom_padding=&#8221;10px||10px||true|false&#8221; border_width_all=&#8221;0px&#8221; border_width_bottom=&#8221;1px&#8221; border_color_bottom=&#8221;#FFFFFF&#8221; global_colors_info=&#8221;{}&#8221;]<\/p>\n<p>Der Check-in ist ab 16:00 Uhr und der Check-out bis 10:00 Uhr m\u00f6glich. Sollten Sie vor 16:00 Uhr im Hotel ankommen, erkundigen Sie sich bitte an der Rezeption, ob Ihr Zimmer bereit ist. <\/p>\n<p>[\/et_pb_toggle][et_pb_toggle title=&#8221;Kann ich bei einer versp\u00e4teten Ankunft nach 20:00 Uhr einchecken?&#8221; open_toggle_text_color=&#8221;#AA9380&#8243; open_toggle_background_color=&#8221;#FFFFFF&#8221; closed_toggle_background_color=&#8221;RGBA(255,255,255,0)&#8221; icon_color=&#8221;#AA9380&#8243; open_icon_color=&#8221;#AA9380&#8243; _builder_version=&#8221;4.23&#8243; _module_preset=&#8221;default&#8221; title_text_color=&#8221;#AA9380&#8243; title_font=&#8221;Tenor Sans|700|||||||&#8221; title_line_height=&#8221;1.4em&#8221; custom_margin=&#8221;15px||15px||true|false&#8221; custom_padding=&#8221;10px||10px||true|false&#8221; border_width_all=&#8221;0px&#8221; border_width_bottom=&#8221;1px&#8221; border_color_bottom=&#8221;#FFFFFF&#8221; global_colors_info=&#8221;{}&#8221;]Ja, der Check-in ist nach 20:00 Uhr m\u00f6glich. Wir bieten eine einfache Self-Check-in-Option. Bitte teilen Sie uns Ihre voraussichtliche Ankunftszeit im Voraus mit, damit wir Ihnen Anweisungen geben k\u00f6nnen.  <\/span><\/p>\n<p>[\/et_pb_toggle][et_pb_toggle title=&#8221;Wann muss ich auschecken?&#8221; open_toggle_text_color=&#8221;#AA9380&#8243; open_toggle_background_color=&#8221;#FFFFFF&#8221; closed_toggle_background_color=&#8221;RGBA(255,255,255,0)&#8221; icon_color=&#8221;#AA9380&#8243; open_icon_color=&#8221;#AA9380&#8243; _builder_version=&#8221;4.23&#8243; _module_preset=&#8221;default&#8221; title_text_color=&#8221;#AA9380&#8243; title_font=&#8221;Tenor Sans|700|||||||&#8221; title_line_height=&#8221;1.4em&#8221; custom_margin=&#8221;15px||15px||true|false&#8221; custom_padding=&#8221;10px||10px||true|false&#8221; border_width_all=&#8221;0px&#8221; border_width_bottom=&#8221;1px&#8221; border_color_bottom=&#8221;#FFFFFF&#8221; global_colors_info=&#8221;{}&#8221;]Unsere Check-out-Zeit ist um 10:00 Uhr. Wir verstehen, dass es aus wichtigen Gr\u00fcnden vorkommen kann, dass Sie im Apartment ausschlafen oder Ihren Aufenthalt verl\u00e4ngern m\u00f6chten. Bitte beachten Sie jedoch, dass unser Reinigungspersonal das volle Zeitfenster bis zum n\u00e4chsten Check-in ben\u00f6tigt, um unsere Apartments gr\u00fcndlich und unseren Standards entsprechend zu reinigen und zu pflegen.  <\/span><\/p>\n<p>[\/et_pb_toggle][et_pb_toggle title=&#8221;Wie funktioniert der Checkout?&#8221; open_toggle_text_color=&#8221;#AA9380&#8243; open_toggle_background_color=&#8221;#FFFFFF&#8221; closed_toggle_background_color=&#8221;RGBA(255,255,255,0)&#8221; icon_color=&#8221;#AA9380&#8243; open_icon_color=&#8221;#AA9380&#8243; _builder_version=&#8221;4.23&#8243; _module_preset=&#8221;default&#8221; title_text_color=&#8221;#AA9380&#8243; title_font=&#8221;Tenor Sans|700|||||||&#8221; title_line_height=&#8221;1.4em&#8221; custom_margin=&#8221;15px||15px||true|false&#8221; custom_padding=&#8221;10px||10px||true|false&#8221; border_width_all=&#8221;0px&#8221; border_width_bottom=&#8221;1px&#8221; border_color_bottom=&#8221;#FFFFFF&#8221; global_colors_info=&#8221;{}&#8221;]Bitte achten Sie darauf, Ihre Wohnung bis sp\u00e4testens 10:00 Uhr zu r\u00e4umen. Bitte lassen Sie die Schl\u00fcssel vor Ihrer Abreise auf dem K\u00fcchentisch liegen. <\/span><\/p>\n<p>[\/et_pb_toggle][et_pb_toggle title=&#8221;Ich habe etwas in der Wohnung vergessen \u2013 was kann ich tun?&#8221; open_toggle_text_color=&#8221;#AA9380&#8243; open_toggle_background_color=&#8221;#FFFFFF&#8221; closed_toggle_background_color=&#8221;RGBA(255,255,255,0)&#8221; icon_color=&#8221;#AA9380&#8243; open_icon_color=&#8221;#AA9380&#8243; _builder_version=&#8221;4.23&#8243; _module_preset=&#8221;default&#8221; title_text_color=&#8221;#AA9380&#8243; title_font=&#8221;Tenor Sans|700|||||||&#8221; title_line_height=&#8221;1.4em&#8221; custom_margin=&#8221;15px||15px||true|false&#8221; custom_padding=&#8221;10px||10px||true|false&#8221; border_width_all=&#8221;0px&#8221; border_width_bottom=&#8221;1px&#8221; border_color_bottom=&#8221;#FFFFFF&#8221; global_colors_info=&#8221;{}&#8221;]Sollten Sie etwas im Apartment vergessen haben, kontaktieren Sie uns bitte schnellstm\u00f6glich. Wenn wir den von Ihnen gesuchten Artikel gefunden haben, k\u00f6nnen Sie mit uns einen Termin zur Abholung vor Ort vereinbaren. Alternativ k\u00f6nnen wir auch einen Versand per Post vereinbaren. Bitte beachten Sie, dass eine Versand- und Bearbeitungsgeb\u00fchr im Voraus bezahlt werden muss.   <\/span><\/p>\n<p>[\/et_pb_toggle][\/et_pb_column][et_pb_column type=&#8221;1_3&#8243; _builder_version=&#8221;4.23&#8243; _module_preset=&#8221;default&#8221; background_color=&#8221;#9EBBC8&#8243; custom_padding=&#8221;40px|25px|40px|25px|true|true&#8221; animation_style=&#8221;slide&#8221; animation_direction=&#8221;bottom&#8221; global_colors_info=&#8221;{}&#8221;][et_pb_text _builder_version=&#8221;4.23&#8243; _module_preset=&#8221;default&#8221; header_text_color=&#8221;#FFFFFF&#8221; global_colors_info=&#8221;{}&#8221;]<\/p>\n<h1 style=\"text-align: center;\">\u00dcBER UNS und STANDORT<\/h1>\n<p>[\/et_pb_text][et_pb_toggle title=&#8221;Gibt es eine Rezeption?&#8221; open_toggle_text_color=&#8221;#AA9380&#8243; open_toggle_background_color=&#8221;#FFFFFF&#8221; closed_toggle_text_color=&#8221;#FFFFFF&#8221; closed_toggle_background_color=&#8221;RGBA(255,255,255,0)&#8221; icon_color=&#8221;#FFFFFF&#8221; open_icon_color=&#8221;#AA9380&#8243; _builder_version=&#8221;4.23&#8243; _module_preset=&#8221;default&#8221; title_text_color=&#8221;#FFFFFF&#8221; title_font=&#8221;Tenor Sans|700|||||||&#8221; title_line_height=&#8221;1.4em&#8221; custom_margin=&#8221;15px||15px||true|false&#8221; custom_padding=&#8221;10px||10px||true|false&#8221; border_width_all=&#8221;0px&#8221; border_width_bottom=&#8221;1px&#8221; global_colors_info=&#8221;{}&#8221;]Wir haben eine traditionelle Rezeption vor Ort, die von 08:00 bis 20:00 Uhr f\u00fcr Check-in, Check-out und Informationsunterst\u00fctzung ge\u00f6ffnet ist.<\/span><\/p>\n<p>[\/et_pb_toggle][et_pb_toggle title=&#8221;Darf ich in den Apartments oder am Pool rauchen?&#8221; open_toggle_text_color=&#8221;#AA9380&#8243; open_toggle_background_color=&#8221;#FFFFFF&#8221; closed_toggle_text_color=&#8221;#FFFFFF&#8221; closed_toggle_background_color=&#8221;RGBA(255,255,255,0)&#8221; icon_color=&#8221;#FFFFFF&#8221; open_icon_color=&#8221;#AA9380&#8243; _builder_version=&#8221;4.23&#8243; _module_preset=&#8221;default&#8221; title_text_color=&#8221;#FFFFFF&#8221; title_font=&#8221;Tenor Sans|700|||||||&#8221; title_line_height=&#8221;1.4em&#8221; custom_margin=&#8221;15px||15px||true|false&#8221; custom_padding=&#8221;10px||10px||true|false&#8221; border_width_all=&#8221;0px&#8221; border_width_bottom=&#8221;1px&#8221; global_colors_info=&#8221;{}&#8221;]Das Rauchen ist im Apartment, im Poolbereich, im Wellnessbereich und im Ruhebereich verboten. Das Rauchen ist auf der Apartmentterrasse und im Grillbereich gestattet. <\/span><\/p>\n<p>[\/et_pb_toggle][et_pb_toggle title=&#8221;Mir fehlt etwas in meinem Apartment.&#8221; open_toggle_text_color=&#8221;#AA9380&#8243; open_toggle_background_color=&#8221;#FFFFFF&#8221; closed_toggle_text_color=&#8221;#FFFFFF&#8221; closed_toggle_background_color=&#8221;RGBA(255,255,255,0)&#8221; icon_color=&#8221;#FFFFFF&#8221; open_icon_color=&#8221;#AA9380&#8243; _builder_version=&#8221;4.23&#8243; _module_preset=&#8221;default&#8221; title_text_color=&#8221;#FFFFFF&#8221; title_font=&#8221;Tenor Sans|700|||||||&#8221; title_line_height=&#8221;1.4em&#8221; custom_margin=&#8221;15px||15px||true|false&#8221; custom_padding=&#8221;10px||10px||true|false&#8221; border_width_all=&#8221;0px&#8221; border_width_bottom=&#8221;1px&#8221; global_colors_info=&#8221;{}&#8221;]F\u00fcr die ersten Tage Ihres Aufenthalts bieten wir ein Standardsortiment an Produkten an, darunter Handseife, Shampoo, einen K\u00fcchenschwamm, Sp\u00fclmittel, Sp\u00fclmaschinentabs, Toilettenpapier, M\u00fcllbeutel und Kaffeefilter. Sollten Sie zus\u00e4tzliche oder andere Verbrauchsg\u00fcter ben\u00f6tigen, bitten wir Sie, diese selbst zu beschaffen. <\/span><\/p>\n<p>[\/et_pb_toggle][et_pb_toggle title=&#8221;Wie oft wird mein Apartment gereinigt?&#8221; open_toggle_text_color=&#8221;#AA9380&#8243; open_toggle_background_color=&#8221;#FFFFFF&#8221; closed_toggle_text_color=&#8221;#FFFFFF&#8221; closed_toggle_background_color=&#8221;RGBA(255,255,255,0)&#8221; icon_color=&#8221;#FFFFFF&#8221; open_icon_color=&#8221;#AA9380&#8243; _builder_version=&#8221;4.23&#8243; _module_preset=&#8221;default&#8221; title_text_color=&#8221;#FFFFFF&#8221; title_font=&#8221;Tenor Sans|700|||||||&#8221; title_line_height=&#8221;1.4em&#8221; custom_margin=&#8221;15px||15px||true|false&#8221; custom_padding=&#8221;10px||10px||true|false&#8221; border_width_all=&#8221;0px&#8221; border_width_bottom=&#8221;1px&#8221; global_colors_info=&#8221;{}&#8221;]Bei einem Aufenthalt von mindestens 6 N\u00e4chten erfolgt die w\u00f6chentliche Reinigung mit W\u00e4schewechsel ohne Aufpreis. Zus\u00e4tzliche Reinigungsdienste k\u00f6nnen gegen einen Aufpreis von 40 Euro vereinbart werden Wenn Sie sich \u00fcber eine \u00c4nderung Ihres Reinigungstermins informieren oder zus\u00e4tzliche Handt\u00fccher und Bettw\u00e4sche anfordern m\u00f6chten (je nach Verf\u00fcgbarkeit), wenden Sie sich bitte direkt an uns.  <\/span><\/p>\n<p>[\/et_pb_toggle][et_pb_toggle title=&#8221;Gibt es Str\u00e4nde in der N\u00e4he?&#8221; open_toggle_text_color=&#8221;#AA9380&#8243; open_toggle_background_color=&#8221;#FFFFFF&#8221; closed_toggle_text_color=&#8221;#FFFFFF&#8221; closed_toggle_background_color=&#8221;RGBA(255,255,255,0)&#8221; icon_color=&#8221;#FFFFFF&#8221; open_icon_color=&#8221;#AA9380&#8243; _builder_version=&#8221;4.23&#8243; _module_preset=&#8221;default&#8221; title_text_color=&#8221;#FFFFFF&#8221; title_font=&#8221;Tenor Sans|700|||||||&#8221; title_line_height=&#8221;1.4em&#8221; custom_margin=&#8221;15px||15px||true|false&#8221; custom_padding=&#8221;10px||10px||true|false&#8221; border_width_all=&#8221;0px&#8221; border_width_bottom=&#8221;1px&#8221; global_colors_info=&#8221;{}&#8221;]<\/p>\n<p>Ja, es gibt zwei Str\u00e4nde in der N\u00e4he, einer ist 300 m und der andere 400 m vom Resort entfernt.<\/p>\n<p>[\/et_pb_toggle][et_pb_toggle title=&#8221;Gibt es Restaurants und Gesch\u00e4fte in der N\u00e4he?&#8221; open_toggle_text_color=&#8221;#AA9380&#8243; open_toggle_background_color=&#8221;#FFFFFF&#8221; closed_toggle_text_color=&#8221;#FFFFFF&#8221; closed_toggle_background_color=&#8221;RGBA(255,255,255,0)&#8221; icon_color=&#8221;#FFFFFF&#8221; open_icon_color=&#8221;#AA9380&#8243; _builder_version=&#8221;4.23&#8243; _module_preset=&#8221;default&#8221; title_text_color=&#8221;#FFFFFF&#8221; title_font=&#8221;Tenor Sans|700|||||||&#8221; title_line_height=&#8221;1.4em&#8221; custom_margin=&#8221;15px||15px||true|false&#8221; custom_padding=&#8221;10px||10px||true|false&#8221; border_width_all=&#8221;0px&#8221; border_width_bottom=&#8221;1px&#8221; global_colors_info=&#8221;{}&#8221;]Im Zentrum von Klimno gibt es mehrere Restaurants und Bars sowie eine B\u00e4ckerei und einen Minimarkt. Der Minimarkt ist ganzj\u00e4hrig f\u00fcr Sie ge\u00f6ffnet. <\/span><\/p>\n<p>[\/et_pb_toggle][\/et_pb_column][\/et_pb_row][\/et_pb_section][et_pb_section fb_built=&#8221;1&#8243; _builder_version=&#8221;4.23&#8243; _module_preset=&#8221;default&#8221; custom_padding=&#8221;0px||0px||true|false&#8221; global_module=&#8221;716&#8243; saved_tabs=&#8221;all&#8221; locked=&#8221;off&#8221; global_colors_info=&#8221;{}&#8221; da_is_popup=&#8221;off&#8221; da_exit_intent=&#8221;off&#8221; da_has_close=&#8221;on&#8221; da_alt_close=&#8221;off&#8221; da_dark_close=&#8221;off&#8221; da_not_modal=&#8221;on&#8221; da_is_singular=&#8221;off&#8221; da_with_loader=&#8221;off&#8221; da_has_shadow=&#8221;on&#8221; da_disable_devices=&#8221;off|off|off&#8221;][et_pb_row column_structure=&#8221;1_5,3_5,1_5&#8243; use_custom_gutter=&#8221;on&#8221; gutter_width=&#8221;1&#8243; make_equal=&#8221;on&#8221; _builder_version=&#8221;4.23&#8243; _module_preset=&#8221;default&#8221; background_color=&#8221;#9EBBC8&#8243; width=&#8221;100%&#8221; max_width=&#8221;100%&#8221; module_alignment=&#8221;center&#8221; custom_margin=&#8221;0px||0px||true|false&#8221; custom_padding=&#8221;0px||0px||true|false&#8221; custom_css_main_element=&#8221;align-items: center;&#8221; global_colors_info=&#8221;{}&#8221;][et_pb_column type=&#8221;1_5&#8243; _builder_version=&#8221;4.23&#8243; _module_preset=&#8221;default&#8221; global_colors_info=&#8221;{}&#8221;][\/et_pb_column][et_pb_column type=&#8221;3_5&#8243; _builder_version=&#8221;4.23&#8243; _module_preset=&#8221;default&#8221; custom_padding=&#8221;0px||0px||true|false&#8221; global_colors_info=&#8221;{}&#8221;][et_pb_image src=&#8221;https:\/\/vsg-resort.com\/wp-content\/uploads\/2024\/01\/Asset-16@2x.png&#8221; title_text=&#8221;Asset 16@2x&#8221; show_bottom_space=&#8221;off&#8221; align=&#8221;center&#8221; _builder_version=&#8221;4.23&#8243; _module_preset=&#8221;default&#8221; width=&#8221;16%&#8221; width_tablet=&#8221;&#8221; width_phone=&#8221;40%&#8221; width_last_edited=&#8221;on|phone&#8221; custom_margin=&#8221;-75px||||false|false&#8221; custom_padding=&#8221;||0px||false|false&#8221; animation_style=&#8221;roll&#8221; global_colors_info=&#8221;{}&#8221;][\/et_pb_image][et_pb_slider show_arrows=&#8221;off&#8221; arrows_custom_color=&#8221;#000000&#8243; dot_nav_custom_color=&#8221;#000000&#8243; _builder_version=&#8221;4.24.2&#8243; _module_preset=&#8221;75ee55f6-5756-433a-8f69-bc3c8ec4f4bf&#8221; header_font=&#8221;|500|||||||&#8221; header_text_color=&#8221;#FFFFFF&#8221; header_font_size=&#8221;24px&#8221; header_line_height=&#8221;1.4em&#8221; body_text_color=&#8221;#FFFFFF&#8221; body_font_size=&#8221;16px&#8221; body_line_height=&#8221;1.8em&#8221; background_color=&#8221;RGBA(255,255,255,0)&#8221; custom_button=&#8221;on&#8221; button_text_size=&#8221;14px&#8221; button_text_color=&#8221;#000000&#8243; button_bg_color=&#8221;RGBA(255,255,255,0)&#8221; button_border_color=&#8221;#000000&#8243; button_border_radius=&#8221;0px&#8221; button_letter_spacing=&#8221;0.06em&#8221; button_font=&#8221;Noto Serif|600|||||||&#8221; button_custom_padding=&#8221;12px|24px|12px|24px|true|true&#8221; custom_margin=&#8221;0px||0px||true|false&#8221; custom_padding=&#8221;20px||20px||true|false&#8221; custom_padding_tablet=&#8221;&#8221; custom_padding_phone=&#8221;0px||0px||true|false&#8221; custom_padding_last_edited=&#8221;on|phone&#8221; header_font_size_tablet=&#8221;16px&#8221; header_font_size_phone=&#8221;15px&#8221; header_font_size_last_edited=&#8221;on|desktop&#8221; body_font_size_tablet=&#8221;15px&#8221; body_font_size_phone=&#8221;14px&#8221; body_font_size_last_edited=&#8221;on|desktop&#8221; locked=&#8221;off&#8221; global_colors_info=&#8221;{%22gcid-87ec9290-812c-4c65-8d05-609929451075%22:%91%22header_text_color%22%93}&#8221;][et_pb_slide heading=&#8221;Von unseren G\u00e4sten&#8221; _builder_version=&#8221;4.23&#8243; _module_preset=&#8221;default&#8221; header_level=&#8221;h2&#8243; header_font=&#8221;|500|||||||&#8221; header_font_size=&#8221;30px&#8221; locked=&#8221;off&#8221; global_colors_info=&#8221;{}&#8221; sticky_transition=&#8221;on&#8221;]<\/p>\n<p><span style=\"font-weight: 400;\">The staff is extremely friendly and attentive. <\/span><span style=\"font-weight: 400;\">Very well equipped apartment with all necessary amenities. A <strong>peaceful<\/strong> environment ideal for escaping the bustle of everyday life. <\/span><\/p>\n<p><strong>Morana, Croatia <\/strong><\/p>\n<p>[\/et_pb_slide][et_pb_slide heading=&#8221;Von unseren G\u00e4sten&#8221; _builder_version=&#8221;4.23&#8243; _module_preset=&#8221;default&#8221; header_level=&#8221;h2&#8243; header_font=&#8221;|500|||||||&#8221; header_font_size=&#8221;30px&#8221; locked=&#8221;off&#8221; global_colors_info=&#8221;{}&#8221; sticky_transition=&#8221;on&#8221;]<\/p>\n<p><span style=\"font-weight: 400;\">The property was absolutely lovely! There are 2 flats per house, each one on the other side of the house which makes it super private. The homes are also well insulated against any outside noises, everything looks brand new and spotless. The kitchen has everything you need as well. The common areas with the sauna, the jacuzzi and the heated pool with salt water are lovely, and so is the receptionist who waited for us, explained us everything (and they really love dogs here as well).    <\/span><\/p>\n<p><span style=\"font-weight: 400;\">There were other guests in the other houses but we didn&#8217;t hear or see anyone during the day. The village is also lovely with several good restaurants and nice beaches. I&#8217;d definitely come here again!  <\/span><\/p>\n<p><strong>Julija, Slovenija <\/strong><\/p>\n<p>[\/et_pb_slide][et_pb_slide heading=&#8221;Von unseren G\u00e4sten&#8221; _builder_version=&#8221;4.23&#8243; _module_preset=&#8221;default&#8221; header_level=&#8221;h2&#8243; header_font=&#8221;|500|||||||&#8221; header_font_size=&#8221;30px&#8221; locked=&#8221;off&#8221; global_colors_info=&#8221;{}&#8221; sticky_transition=&#8221;on&#8221;]<\/p>\n<p><span style=\"font-weight: 400;\">Uns hat einfach alles gefallen. Einfahrt mit elektrischem Tor, eigenen Parkplatz neben der Eingangst\u00fcr, 3 fach verglaste Fenster, Mineralwolld\u00e4mmung, Splitklimaanlage, komplette Wohnungsausstattung mit Waschmaschine, B\u00fcgeleisen, destillierten Wasser, B\u00fcgelbrett, W\u00e4schest\u00e4nder mit Klammern, Kaffeemaschine, Wasserkocher, Kerzen, Staubsauger, F\u00f6hn, TV, Geschirrsp\u00fcler, 4 Kochfelder, Kaffeefilter, komplett mit Besteck und Geschirr, Kr\u00e4utergarten. <\/span><\/p>\n<p><span style=\"font-weight: 400;\">Helle, ger\u00e4umige, moderne und sehr gepflegte R\u00e4ume und ein Gef\u00fchl wie zuhause. Nichts hatte Abnutzungspuren obwohl es schon 4 Jahre vermietet wird. Pool, Jacuzzi und Grill frei nutzbar und auch alles im absoluten Neuzustand. Strand (Kein Sand) in wenigen Minuten erreichbar.   <\/span><\/p>\n<p><strong>Christian, Germany <\/strong><\/p>\n<p>[\/et_pb_slide][et_pb_slide heading=&#8221;Von unseren G\u00e4sten&#8221; _builder_version=&#8221;4.23&#8243; _module_preset=&#8221;default&#8221; header_level=&#8221;h2&#8243; header_font=&#8221;|500|||||||&#8221; header_font_size=&#8221;30px&#8221; locked=&#8221;off&#8221; global_colors_info=&#8221;{}&#8221; sticky_transition=&#8221;on&#8221;]<\/p>\n<p><span style=\"font-weight: 400;\">Wir waren sehr zufrieden und haben uns wie zuhause gef\u00fchlt. Die Unterkunft hat alles was man braucht. Sehr sauber. Ruhige Lage, doch nur paar Gehminuten zum n\u00e4chsten Strand oder zu den Restaurants, Backerei, Mini Markt, Marina etc.    <\/span><span style=\"font-weight: 400;\">Super Pool, Sauna &amp; Whirlpool Bereich &#8211; bestens f\u00fcr den Abend zum Ausklingen gedacht. <\/span><span style=\"font-weight: 400;\">Das Essen in der hauseigenen K\u00fcche super lecker, frische Drinks, freundliche Bedienung.<\/span><\/p>\n<p><span style=\"font-weight: 400;\">Alex war stets bem\u00fcht uns Tipps f\u00fcr Ausfl\u00fcge, Str\u00e4nde, gutes Essen etc. zu geben und schnell erreichbar wenn etwas ben\u00f6tigt wurde. <\/span><span style=\"font-weight: 400;\">Wenn wir das n\u00e4chste Mal auf die Insel Krk kommen, dann wissen wir wohin \ud83d\ude42<\/span><\/p>\n<p><strong>Suzana, Austria <\/strong><\/p>\n<p>[\/et_pb_slide][et_pb_slide heading=&#8221;Von unseren G\u00e4sten&#8221; _builder_version=&#8221;4.23&#8243; _module_preset=&#8221;default&#8221; header_level=&#8221;h2&#8243; header_font=&#8221;|500|||||||&#8221; header_font_size=&#8221;30px&#8221; locked=&#8221;off&#8221; global_colors_info=&#8221;{}&#8221; sticky_transition=&#8221;on&#8221;]<\/p>\n<p><span style=\"font-weight: 400;\">Maxim\u00e1ln\u00ed <strong>spokojenost<\/strong>!!! Kr\u00e1sn\u00e9 a cist\u00e9 prostred\u00ed. Bonusem bylo oberstven\u00ed u baz\u00e9nu. Alex n\u00e1m dal moho tip\u00fc kam jet na vylet, na plaze, kam si zajit do restaurace a mnoho dalsich tip\u00fc. Pobyt jsme si moc uzili! Vsem doporucuji a Alexovi jest\u0113 jednou za vse d\u0113kujeme.     <\/span><\/p>\n<p><strong>Sylvia, Czech Republic <\/strong><\/p>\n<p>[\/et_pb_slide][\/et_pb_slider][\/et_pb_column][et_pb_column type=&#8221;1_5&#8243; _builder_version=&#8221;4.23&#8243; _module_preset=&#8221;default&#8221; custom_padding=&#8221;0px||0px||true|false&#8221; global_colors_info=&#8221;{}&#8221;][\/et_pb_column][\/et_pb_row][et_pb_row use_custom_gutter=&#8221;on&#8221; gutter_width=&#8221;1&#8243; make_equal=&#8221;on&#8221; _builder_version=&#8221;4.23&#8243; _module_preset=&#8221;default&#8221; background_color=&#8221;#9EBBC8&#8243; width=&#8221;100%&#8221; max_width=&#8221;100%&#8221; module_alignment=&#8221;center&#8221; custom_margin=&#8221;0px||0px||true|false&#8221; custom_padding=&#8221;0px||0px||true|false&#8221; custom_css_main_element=&#8221;align-items: center;&#8221; global_colors_info=&#8221;{}&#8221;][et_pb_column type=&#8221;4_4&#8243; _builder_version=&#8221;4.23&#8243; _module_preset=&#8221;default&#8221; global_colors_info=&#8221;{}&#8221;][dsm_image_carousel gallery_ids=&#8221;252,245,259,238,192,189&#8243; sizes=&#8221;et-pb-post-main-image&#8221; lazyload=&#8221;on&#8221; slide_to_show=&#8221;5&#8243; space_between=&#8221;0&#8243; arrows=&#8221;off&#8221; dots=&#8221;off&#8221; _builder_version=&#8221;4.24.2&#8243; _module_preset=&#8221;default&#8221; width=&#8221;100%&#8221; max_width=&#8221;100%&#8221; global_colors_info=&#8221;{}&#8221;][\/dsm_image_carousel][\/et_pb_column][\/et_pb_row][\/et_pb_section]<\/p>\n","protected":false},"excerpt":{"rendered":"<p>\u2605\u2605\u2605\u2605\u2605 Komfortable Apartments auf der Insel Krk f\u00fcr einen erholsamen AufenthaltBeschreibungHaustierfreundlich \u2022 Kostenlose Parkpl\u00e4tze &amp; WLAN \u2022 Terrasse &amp; Balkon \u2022 Klimaanlage &amp; Heizung \u2022 Privater EingangVSG Resort bietet insgesamt 16 durchdacht gestaltete Apartments auf der Insel Krk, verteilt auf mehrere Geb\u00e4ude \u2013 ideal f\u00fcr Paare, Familien, Gruppen und Retreat-G\u00e4ste, die Ruhe und Komfort in der N\u00e4he der Natur suchen. Ein-Schlafzimmer-Apartments mit Terrasse \u2605\u2605\u2605\u2605\u2605Perfekt f\u00fcr bis zu 4 PersonenGr\u00f6\u00dfe: 45 m\u00b2 + 17 m\u00b2 TerrasseJede Einheit hat einen separaten Eingang, eine private Terrasse und einen eigenen ParkplatzNur zwei Apartments pro Haus \u2013 f\u00fcr Ruhe und Privatsph\u00e4reMit 1,5 Badezimmern ausgestattet(12 Einheiten) Zwei-Schlafzimmer-Apartments mit Garten \u2605\u2605\u2605\u2605\u2605Geeignet f\u00fcr bis zu 6 PersonenGr\u00f6\u00dfe: 150 m\u00b2 + Terrasse und privater GartenGelegen im Wellness-Geb\u00e4ude, jeweils mit eigenem Eingang, Garten und ParkplatzMit 2 voll ausgestatteten Badezimmern(3 Einheiten) Studio-Apartment mit Balkon \u2605\u2605\u2605\u2605\u2605Ideal f\u00fcr bis zu 2 PersonenGr\u00f6\u00dfe: 48 m\u00b2Gelegen im ersten Stock des Wellness-Geb\u00e4udesMit 1,5 Badezimmern ausgestattet(1 Einheit) Apartment-Ausstattung: Entfernung zum Meer: 200 MeterEntfernung zum Zentrum von Klimno: 750 MeterWanderwege in der N\u00e4he: 100 MeterKostenlose Parkpl\u00e4tze &amp; WLANKlimaanlage &amp; HeizungPrivate Eing\u00e4ngeHaustierfreundlich und wanderfreundlich In Ihrem Aufenthalt inbegriffen:Nutzung des gemeinschaftlichen Au\u00dfenpools, der Sauna und des WhirlpoolsZugang zum Grillbereich f\u00fcr gemeinsames Essen und geselliges Beisammensein im Freien Veranstaltungsraum verf\u00fcgbarWir bieten [&hellip;]<\/p>\n","protected":false},"author":2,"featured_media":2179,"parent":0,"menu_order":0,"comment_status":"closed","ping_status":"closed","template":"","meta":{"_et_pb_use_builder":"on","_et_pb_old_content":"","_et_gb_content_width":"","footnotes":""},"class_list":["post-2947","page","type-page","status-publish","has-post-thumbnail","hentry"],"_links":{"self":[{"href":"https:\/\/vsg-resort.com\/de\/wp-json\/wp\/v2\/pages\/2947","targetHints":{"allow":["GET"]}}],"collection":[{"href":"https:\/\/vsg-resort.com\/de\/wp-json\/wp\/v2\/pages"}],"about":[{"href":"https:\/\/vsg-resort.com\/de\/wp-json\/wp\/v2\/types\/page"}],"author":[{"embeddable":true,"href":"https:\/\/vsg-resort.com\/de\/wp-json\/wp\/v2\/users\/2"}],"replies":[{"embeddable":true,"href":"https:\/\/vsg-resort.com\/de\/wp-json\/wp\/v2\/comments?post=2947"}],"version-history":[{"count":24,"href":"https:\/\/vsg-resort.com\/de\/wp-json\/wp\/v2\/pages\/2947\/revisions"}],"predecessor-version":[{"id":5296,"href":"https:\/\/vsg-resort.com\/de\/wp-json\/wp\/v2\/pages\/2947\/revisions\/5296"}],"wp:featuredmedia":[{"embeddable":true,"href":"https:\/\/vsg-resort.com\/de\/wp-json\/wp\/v2\/media\/2179"}],"wp:attachment":[{"href":"https:\/\/vsg-resort.com\/de\/wp-json\/wp\/v2\/media?parent=2947"}],"curies":[{"name":"wp","href":"https:\/\/api.w.org\/{rel}","templated":true}]}}